{"id":35549,"date":"2026-01-21T14:40:47","date_gmt":"2026-01-21T13:40:47","guid":{"rendered":"https:\/\/www.e20srl.com\/?post_type=product&#038;p=35549"},"modified":"2026-03-06T17:03:00","modified_gmt":"2026-03-06T16:03:00","slug":"dott-matteo-beretta-la-qualita-di-vita-in-odontoiatria-infantile-spa-inspired-oral-care-fad-2026","status":"publish","type":"product","link":"https:\/\/www.e20srl.com\/en\/prodotti\/dott-matteo-beretta-la-qualita-di-vita-in-odontoiatria-infantile-spa-inspired-oral-care-fad-2026\/","title":{"rendered":"Dott. Matteo Beretta &#8211; La Qualit\u00e0 di Vita in Odontoiatria Infantile: Spa Inspired Oral Care &#8211; FAD 2026"},"content":{"rendered":"<h5 style=\"color: #2e3192;\"><strong>ABSTRACT<\/strong><\/h5>\n<p>L\u2019odontoiatria pediatrica non dovrebbe considerare solo le migliori evidenze scientifiche disponibili per la Cura, ma anche le necessit\u00e0 del piccolo paziente e della sua Famiglia, oltre la pura clinica.<span class=\"Apple-converted-space\">\u00a0<\/span><\/p>\n<p>In un approccio orientato al bimbo-famiglia, il miglior trattamento per un dente deciduo potrebbe non essere quello adatto al bambino nel suo insieme o non essere la prima cosa da attuare (Child Family Oriented approach: the teeth come after).<span class=\"Apple-converted-space\">\u00a0<\/span><\/p>\n<p>Il preservare la salute orale al meglio deve iniziare \u201cprima\u201d, promuovendo una prevenzione materno-infantile, che parta dai primi 1000 giorni di vita (periodo della gravidanza e i primi 2 anni del bambino), con addestramento della buccalit\u00e0, istruzioni di igiene orale e alimentari, per arrivare, quando necessario, a cure del dente da latte senza coinvolgere la polpa, con un \u201capproccio del minimo intervento\u201d, strettamente correlato alla tecnica di rimozione selettiva della carie, all\u2019utilizzo dell\u2019 Ozono e all\u2019uso di materiali da restauro bioattivi. Questo approccio configura un vero cambio di paradigma in merito alla lesione cariosa, che non \u00e8 pi\u00f9 vista come un\u2019infezione da debellare, ma come una condizione che pu\u00f2 essere curata, nell\u2019ambito di un approccio molto pi\u00f9 medico e meno chirurgico.<span class=\"Apple-converted-space\">\u00a0<\/span><\/p>\n<p>Le strategie di restauro diretto secondo i principi ART (Atraumatic Restorative Treatment) sono una reale opzione terapeutica di prima scelta, oggi basate su solida evidenza scientifica, senza necessit\u00e0 di anestesia locale e isolamento assoluto. Oltre la pura clinica, la competenza del medico odontoiatra \u00e8 fondamentale per valutare i materiali, gli strumenti necessari e le migliori tecniche di comfort da adottare, come la Analgesia Relativa Secondo Langa, per un percorso di cura sicuro, efficiente e a misura di bambino, per il benessere e il comfort di tutte le parti coinvolte.<span class=\"Apple-converted-space\">\u00a0<\/span><\/p>\n<p>Tutto questo, in un contesto di integrazione imprescindibile tra odontoiatria Infantile e Ortodonzia Pedaitrica, insieme allo sviluppo di una comunicazione efficace, dove le parole sono gi\u00e0 cura e il consenso informato non \u00e8 pi\u00f9 statico, ma dinamico e basato su nuovi strumenti di video-condivisione personalizzati, descrive la nuova Spa Inspired Oral Care in Odontoiatria Infantile.<\/p>\n<p>&nbsp;<\/p>\n<h5 style=\"color: #2e3192;\"><strong>DESTINATARI DEL CORSO<\/strong><\/h5>\n<p>Figure professionali accreditate: Tutte le professioni.<\/p>\n<p>&nbsp;<\/p>\n<h5 style=\"color: #2e3192;\"><strong>MODALITA\u2019 DI SVOLGIMENTO<\/strong><\/h5>\n<p>Le attivit\u00e0 si svolgeranno\u00a0<strong>in FAD<\/strong>.<\/p>\n","protected":false},"excerpt":{"rendered":"<h5>10 CREDITI ECM<\/h5>\n<p><span style=\"color: #000080;\"><strong>Corso FAD Gratuito\u00a0<\/strong><\/span><\/p>\n<p><a href=\"https:\/\/www.e20srl.com\/area-privata\/index.php?id=2499&amp;iscrizione=1\"><img decoding=\"async\" class=\"alignnone wp-image-21527 size-full\" src=\"https:\/\/www.e20srl.com\/wp-content\/uploads\/2023\/10\/pulsante-per-partecipare-3.png\" alt=\"Clicca qui per partecipare\" width=\"395\" height=\"72\" \/><\/a><\/p>\n","protected":false},"featured_media":35550,"menu_order":92,"template":"","meta":{"_monsterinsights_skip_tracking":false,"_monsterinsights_sitenote_active":false,"_monsterinsights_sitenote_note":"","_monsterinsights_sitenote_category":0},"product_brand":[],"product_cat":[644,606,604,673],"product_tag":[656],"class_list":{"0":"post-35549","1":"product","2":"type-product","3":"status-publish","4":"has-post-thumbnail","6":"product_cat-fad","7":"product_cat-igienisti-dentali","8":"product_cat-odontoiatri","9":"product_cat-oral-b","10":"product_tag-fad","12":"first","13":"instock","14":"shipping-taxable","15":"product-type-simple"},"yoast_head":"<!-- This site is optimized with the Yoast SEO plugin v27.5 - https:\/\/yoast.com\/product\/yoast-seo-wordpress\/ -->\n<title>Dott. Matteo Beretta - La Qualit\u00e0 di Vita in Odontoiatria Infantile: Spa Inspired Oral Care - FAD 2026 | e20<\/title>\n<meta name=\"description\" content=\"Da anni il Centro di Ricerca per lo studio delle malattie parodontali e peri-implantari dell&#039;Universit\u00e0 di Ferrara ha concentrato il proprio interesse verso metodiche chirurgiche di rigenerazione dei tessuti parodontali e ossea...\" \/>\n<meta name=\"robots\" content=\"index, follow, max-snippet:-1, max-image-preview:large, max-video-preview:-1\" \/>\n<link rel=\"canonical\" href=\"https:\/\/www.e20srl.com\/en\/prodotti\/dott-matteo-beretta-la-qualita-di-vita-in-odontoiatria-infantile-spa-inspired-oral-care-fad-2026\/\" \/>\n<meta property=\"og:locale\" content=\"en_US\" \/>\n<meta property=\"og:type\" content=\"article\" \/>\n<meta property=\"og:title\" content=\"Dott. Matteo Beretta - La Qualit\u00e0 di Vita in Odontoiatria Infantile: Spa Inspired Oral Care - FAD 2026 | e20\" \/>\n<meta property=\"og:description\" content=\"Da anni il Centro di Ricerca per lo studio delle malattie parodontali e peri-implantari dell&#039;Universit\u00e0 di Ferrara ha concentrato il proprio interesse verso metodiche chirurgiche di rigenerazione dei tessuti parodontali e ossea...\" \/>\n<meta property=\"og:url\" content=\"https:\/\/www.e20srl.com\/en\/prodotti\/dott-matteo-beretta-la-qualita-di-vita-in-odontoiatria-infantile-spa-inspired-oral-care-fad-2026\/\" \/>\n<meta property=\"og:site_name\" content=\"e20\" \/>\n<meta property=\"article:publisher\" content=\"https:\/\/www.facebook.com\/e20srl\" \/>\n<meta property=\"article:modified_time\" content=\"2026-03-06T16:03:00+00:00\" \/>\n<meta property=\"og:image\" content=\"https:\/\/www.e20srl.com\/wp-content\/uploads\/2026\/01\/FAD-Oral-B-Beretta-rev.1_Pagina_1.jpg\" \/>\n\t<meta property=\"og:image:width\" content=\"1654\" \/>\n\t<meta property=\"og:image:height\" content=\"1654\" \/>\n\t<meta property=\"og:image:type\" content=\"image\/jpeg\" \/>\n<meta name=\"twitter:card\" content=\"summary_large_image\" \/>\n<meta name=\"twitter:label1\" content=\"Est. reading time\" \/>\n\t<meta name=\"twitter:data1\" content=\"3 minutes\" \/>\n<script type=\"application\/ld+json\" class=\"yoast-schema-graph\">{\"@context\":\"https:\\\/\\\/schema.org\",\"@graph\":[{\"@type\":\"WebPage\",\"@id\":\"https:\\\/\\\/www.e20srl.com\\\/en\\\/prodotti\\\/dott-matteo-beretta-la-qualita-di-vita-in-odontoiatria-infantile-spa-inspired-oral-care-fad-2026\\\/\",\"url\":\"https:\\\/\\\/www.e20srl.com\\\/en\\\/prodotti\\\/dott-matteo-beretta-la-qualita-di-vita-in-odontoiatria-infantile-spa-inspired-oral-care-fad-2026\\\/\",\"name\":\"Dott. Matteo Beretta - La Qualit\u00e0 di Vita in Odontoiatria Infantile: Spa Inspired Oral Care - FAD 2026 | e20\",\"isPartOf\":{\"@id\":\"https:\\\/\\\/www.e20srl.com\\\/en\\\/#website\"},\"primaryImageOfPage\":{\"@id\":\"https:\\\/\\\/www.e20srl.com\\\/en\\\/prodotti\\\/dott-matteo-beretta-la-qualita-di-vita-in-odontoiatria-infantile-spa-inspired-oral-care-fad-2026\\\/#primaryimage\"},\"image\":{\"@id\":\"https:\\\/\\\/www.e20srl.com\\\/en\\\/prodotti\\\/dott-matteo-beretta-la-qualita-di-vita-in-odontoiatria-infantile-spa-inspired-oral-care-fad-2026\\\/#primaryimage\"},\"thumbnailUrl\":\"https:\\\/\\\/www.e20srl.com\\\/wp-content\\\/uploads\\\/2026\\\/01\\\/FAD-Oral-B-Beretta-rev.1_Pagina_1.jpg\",\"datePublished\":\"2026-01-21T13:40:47+00:00\",\"dateModified\":\"2026-03-06T16:03:00+00:00\",\"description\":\"Da anni il Centro di Ricerca per lo studio delle malattie parodontali e peri-implantari dell'Universit\u00e0 di Ferrara ha concentrato il proprio interesse verso metodiche chirurgiche di rigenerazione dei tessuti parodontali e ossea...\",\"breadcrumb\":{\"@id\":\"https:\\\/\\\/www.e20srl.com\\\/en\\\/prodotti\\\/dott-matteo-beretta-la-qualita-di-vita-in-odontoiatria-infantile-spa-inspired-oral-care-fad-2026\\\/#breadcrumb\"},\"inLanguage\":\"en-US\",\"potentialAction\":[{\"@type\":\"ReadAction\",\"target\":[\"https:\\\/\\\/www.e20srl.com\\\/en\\\/prodotti\\\/dott-matteo-beretta-la-qualita-di-vita-in-odontoiatria-infantile-spa-inspired-oral-care-fad-2026\\\/\"]}]},{\"@type\":\"ImageObject\",\"inLanguage\":\"en-US\",\"@id\":\"https:\\\/\\\/www.e20srl.com\\\/en\\\/prodotti\\\/dott-matteo-beretta-la-qualita-di-vita-in-odontoiatria-infantile-spa-inspired-oral-care-fad-2026\\\/#primaryimage\",\"url\":\"https:\\\/\\\/www.e20srl.com\\\/wp-content\\\/uploads\\\/2026\\\/01\\\/FAD-Oral-B-Beretta-rev.1_Pagina_1.jpg\",\"contentUrl\":\"https:\\\/\\\/www.e20srl.com\\\/wp-content\\\/uploads\\\/2026\\\/01\\\/FAD-Oral-B-Beretta-rev.1_Pagina_1.jpg\",\"width\":1654,\"height\":1654},{\"@type\":\"BreadcrumbList\",\"@id\":\"https:\\\/\\\/www.e20srl.com\\\/en\\\/prodotti\\\/dott-matteo-beretta-la-qualita-di-vita-in-odontoiatria-infantile-spa-inspired-oral-care-fad-2026\\\/#breadcrumb\",\"itemListElement\":[{\"@type\":\"ListItem\",\"position\":1,\"name\":\"Home\",\"item\":\"https:\\\/\\\/www.e20srl.com\\\/en\\\/\"},{\"@type\":\"ListItem\",\"position\":2,\"name\":\"Shop\",\"item\":\"https:\\\/\\\/www.e20srl.com\\\/en\\\/shop-2\\\/\"},{\"@type\":\"ListItem\",\"position\":3,\"name\":\"Dott. Matteo Beretta &#8211; La Qualit\u00e0 di Vita in Odontoiatria Infantile: Spa Inspired Oral Care &#8211; FAD 2026\"}]},{\"@type\":\"WebSite\",\"@id\":\"https:\\\/\\\/www.e20srl.com\\\/en\\\/#website\",\"url\":\"https:\\\/\\\/www.e20srl.com\\\/en\\\/\",\"name\":\"e20\",\"description\":\"Congressi e Corsi in presenza, FAD, webinar di Eccellenza per Odontoiatra, Igienista dentale, ASO\",\"publisher\":{\"@id\":\"https:\\\/\\\/www.e20srl.com\\\/en\\\/#organization\"},\"potentialAction\":[{\"@type\":\"SearchAction\",\"target\":{\"@type\":\"EntryPoint\",\"urlTemplate\":\"https:\\\/\\\/www.e20srl.com\\\/en\\\/?s={search_term_string}\"},\"query-input\":{\"@type\":\"PropertyValueSpecification\",\"valueRequired\":true,\"valueName\":\"search_term_string\"}}],\"inLanguage\":\"en-US\"},{\"@type\":\"Organization\",\"@id\":\"https:\\\/\\\/www.e20srl.com\\\/en\\\/#organization\",\"name\":\"e20 s.r.l.\",\"url\":\"https:\\\/\\\/www.e20srl.com\\\/en\\\/\",\"logo\":{\"@type\":\"ImageObject\",\"inLanguage\":\"en-US\",\"@id\":\"https:\\\/\\\/www.e20srl.com\\\/en\\\/#\\\/schema\\\/logo\\\/image\\\/\",\"url\":\"https:\\\/\\\/www.e20srl.com\\\/wp-content\\\/uploads\\\/2022\\\/10\\\/e20-icona.png\",\"contentUrl\":\"https:\\\/\\\/www.e20srl.com\\\/wp-content\\\/uploads\\\/2022\\\/10\\\/e20-icona.png\",\"width\":512,\"height\":512,\"caption\":\"e20 s.r.l.\"},\"image\":{\"@id\":\"https:\\\/\\\/www.e20srl.com\\\/en\\\/#\\\/schema\\\/logo\\\/image\\\/\"},\"sameAs\":[\"https:\\\/\\\/www.facebook.com\\\/e20srl\",\"https:\\\/\\\/www.instagram.com\\\/e20.srl\\\/\",\"https:\\\/\\\/www.youtube.com\\\/channel\\\/UCFK9MwMuURf-lxw-ca0PNHw\",\"https:\\\/\\\/www.linkedin.com\\\/company\\\/e20-srl\\\/about\\\/\"]}]}<\/script>\n<!-- \/ Yoast SEO plugin. -->","yoast_head_json":{"title":"Dott. Matteo Beretta - La Qualit\u00e0 di Vita in Odontoiatria Infantile: Spa Inspired Oral Care - FAD 2026 | e20","description":"Da anni il Centro di Ricerca per lo studio delle malattie parodontali e peri-implantari dell'Universit\u00e0 di Ferrara ha concentrato il proprio interesse verso metodiche chirurgiche di rigenerazione dei tessuti parodontali e ossea...","robots":{"index":"index","follow":"follow","max-snippet":"max-snippet:-1","max-image-preview":"max-image-preview:large","max-video-preview":"max-video-preview:-1"},"canonical":"https:\/\/www.e20srl.com\/en\/prodotti\/dott-matteo-beretta-la-qualita-di-vita-in-odontoiatria-infantile-spa-inspired-oral-care-fad-2026\/","og_locale":"en_US","og_type":"article","og_title":"Dott. Matteo Beretta - La Qualit\u00e0 di Vita in Odontoiatria Infantile: Spa Inspired Oral Care - FAD 2026 | e20","og_description":"Da anni il Centro di Ricerca per lo studio delle malattie parodontali e peri-implantari dell'Universit\u00e0 di Ferrara ha concentrato il proprio interesse verso metodiche chirurgiche di rigenerazione dei tessuti parodontali e ossea...","og_url":"https:\/\/www.e20srl.com\/en\/prodotti\/dott-matteo-beretta-la-qualita-di-vita-in-odontoiatria-infantile-spa-inspired-oral-care-fad-2026\/","og_site_name":"e20","article_publisher":"https:\/\/www.facebook.com\/e20srl","article_modified_time":"2026-03-06T16:03:00+00:00","og_image":[{"width":1654,"height":1654,"url":"https:\/\/www.e20srl.com\/wp-content\/uploads\/2026\/01\/FAD-Oral-B-Beretta-rev.1_Pagina_1.jpg","type":"image\/jpeg"}],"twitter_card":"summary_large_image","twitter_misc":{"Est. reading time":"3 minutes"},"schema":{"@context":"https:\/\/schema.org","@graph":[{"@type":"WebPage","@id":"https:\/\/www.e20srl.com\/en\/prodotti\/dott-matteo-beretta-la-qualita-di-vita-in-odontoiatria-infantile-spa-inspired-oral-care-fad-2026\/","url":"https:\/\/www.e20srl.com\/en\/prodotti\/dott-matteo-beretta-la-qualita-di-vita-in-odontoiatria-infantile-spa-inspired-oral-care-fad-2026\/","name":"Dott. Matteo Beretta - La Qualit\u00e0 di Vita in Odontoiatria Infantile: Spa Inspired Oral Care - FAD 2026 | e20","isPartOf":{"@id":"https:\/\/www.e20srl.com\/en\/#website"},"primaryImageOfPage":{"@id":"https:\/\/www.e20srl.com\/en\/prodotti\/dott-matteo-beretta-la-qualita-di-vita-in-odontoiatria-infantile-spa-inspired-oral-care-fad-2026\/#primaryimage"},"image":{"@id":"https:\/\/www.e20srl.com\/en\/prodotti\/dott-matteo-beretta-la-qualita-di-vita-in-odontoiatria-infantile-spa-inspired-oral-care-fad-2026\/#primaryimage"},"thumbnailUrl":"https:\/\/www.e20srl.com\/wp-content\/uploads\/2026\/01\/FAD-Oral-B-Beretta-rev.1_Pagina_1.jpg","datePublished":"2026-01-21T13:40:47+00:00","dateModified":"2026-03-06T16:03:00+00:00","description":"Da anni il Centro di Ricerca per lo studio delle malattie parodontali e peri-implantari dell'Universit\u00e0 di Ferrara ha concentrato il proprio interesse verso metodiche chirurgiche di rigenerazione dei tessuti parodontali e ossea...","breadcrumb":{"@id":"https:\/\/www.e20srl.com\/en\/prodotti\/dott-matteo-beretta-la-qualita-di-vita-in-odontoiatria-infantile-spa-inspired-oral-care-fad-2026\/#breadcrumb"},"inLanguage":"en-US","potentialAction":[{"@type":"ReadAction","target":["https:\/\/www.e20srl.com\/en\/prodotti\/dott-matteo-beretta-la-qualita-di-vita-in-odontoiatria-infantile-spa-inspired-oral-care-fad-2026\/"]}]},{"@type":"ImageObject","inLanguage":"en-US","@id":"https:\/\/www.e20srl.com\/en\/prodotti\/dott-matteo-beretta-la-qualita-di-vita-in-odontoiatria-infantile-spa-inspired-oral-care-fad-2026\/#primaryimage","url":"https:\/\/www.e20srl.com\/wp-content\/uploads\/2026\/01\/FAD-Oral-B-Beretta-rev.1_Pagina_1.jpg","contentUrl":"https:\/\/www.e20srl.com\/wp-content\/uploads\/2026\/01\/FAD-Oral-B-Beretta-rev.1_Pagina_1.jpg","width":1654,"height":1654},{"@type":"BreadcrumbList","@id":"https:\/\/www.e20srl.com\/en\/prodotti\/dott-matteo-beretta-la-qualita-di-vita-in-odontoiatria-infantile-spa-inspired-oral-care-fad-2026\/#breadcrumb","itemListElement":[{"@type":"ListItem","position":1,"name":"Home","item":"https:\/\/www.e20srl.com\/en\/"},{"@type":"ListItem","position":2,"name":"Shop","item":"https:\/\/www.e20srl.com\/en\/shop-2\/"},{"@type":"ListItem","position":3,"name":"Dott. Matteo Beretta &#8211; La Qualit\u00e0 di Vita in Odontoiatria Infantile: Spa Inspired Oral Care &#8211; FAD 2026"}]},{"@type":"WebSite","@id":"https:\/\/www.e20srl.com\/en\/#website","url":"https:\/\/www.e20srl.com\/en\/","name":"e20","description":"Congressi e Corsi in presenza, FAD, webinar di Eccellenza per Odontoiatra, Igienista dentale, ASO","publisher":{"@id":"https:\/\/www.e20srl.com\/en\/#organization"},"potentialAction":[{"@type":"SearchAction","target":{"@type":"EntryPoint","urlTemplate":"https:\/\/www.e20srl.com\/en\/?s={search_term_string}"},"query-input":{"@type":"PropertyValueSpecification","valueRequired":true,"valueName":"search_term_string"}}],"inLanguage":"en-US"},{"@type":"Organization","@id":"https:\/\/www.e20srl.com\/en\/#organization","name":"e20 s.r.l.","url":"https:\/\/www.e20srl.com\/en\/","logo":{"@type":"ImageObject","inLanguage":"en-US","@id":"https:\/\/www.e20srl.com\/en\/#\/schema\/logo\/image\/","url":"https:\/\/www.e20srl.com\/wp-content\/uploads\/2022\/10\/e20-icona.png","contentUrl":"https:\/\/www.e20srl.com\/wp-content\/uploads\/2022\/10\/e20-icona.png","width":512,"height":512,"caption":"e20 s.r.l."},"image":{"@id":"https:\/\/www.e20srl.com\/en\/#\/schema\/logo\/image\/"},"sameAs":["https:\/\/www.facebook.com\/e20srl","https:\/\/www.instagram.com\/e20.srl\/","https:\/\/www.youtube.com\/channel\/UCFK9MwMuURf-lxw-ca0PNHw","https:\/\/www.linkedin.com\/company\/e20-srl\/about\/"]}]}},"_links":{"self":[{"href":"https:\/\/www.e20srl.com\/en\/wp-json\/wp\/v2\/product\/35549","targetHints":{"allow":["GET"]}}],"collection":[{"href":"https:\/\/www.e20srl.com\/en\/wp-json\/wp\/v2\/product"}],"about":[{"href":"https:\/\/www.e20srl.com\/en\/wp-json\/wp\/v2\/types\/product"}],"wp:featuredmedia":[{"embeddable":true,"href":"https:\/\/www.e20srl.com\/en\/wp-json\/wp\/v2\/media\/35550"}],"wp:attachment":[{"href":"https:\/\/www.e20srl.com\/en\/wp-json\/wp\/v2\/media?parent=35549"}],"wp:term":[{"taxonomy":"product_brand","embeddable":true,"href":"https:\/\/www.e20srl.com\/en\/wp-json\/wp\/v2\/product_brand?post=35549"},{"taxonomy":"product_cat","embeddable":true,"href":"https:\/\/www.e20srl.com\/en\/wp-json\/wp\/v2\/product_cat?post=35549"},{"taxonomy":"product_tag","embeddable":true,"href":"https:\/\/www.e20srl.com\/en\/wp-json\/wp\/v2\/product_tag?post=35549"}],"curies":[{"name":"wp","href":"https:\/\/api.w.org\/{rel}","templated":true}]}}