{"id":36353,"date":"2026-02-25T15:01:37","date_gmt":"2026-02-25T14:01:37","guid":{"rendered":"https:\/\/www.e20srl.com\/?post_type=product&#038;p=36353"},"modified":"2026-04-17T09:30:23","modified_gmt":"2026-04-17T07:30:23","slug":"congresso-2026-alassio-e-larte-del-sorriso","status":"publish","type":"product","link":"https:\/\/www.e20srl.com\/en\/prodotti\/congresso-2026-alassio-e-larte-del-sorriso\/","title":{"rendered":"Congresso 2026 &#8211; Alassio e l&#8217;arte del sorriso"},"content":{"rendered":"<p><img fetchpriority=\"high\" decoding=\"async\" class=\"alignleft size-full wp-image-37371\" src=\"https:\/\/www.e20srl.com\/wp-content\/uploads\/2026\/02\/1_Alassio-e-lArte-del-Sorriso.png\" alt=\"Congresso Alassio\" width=\"1240\" height=\"1291\" \/> <img decoding=\"async\" class=\"alignleft size-full wp-image-37373\" src=\"https:\/\/www.e20srl.com\/wp-content\/uploads\/2026\/02\/2_Benvenuti-ad-Alassio-2026.png\" alt=\"Congresso Alassio\" width=\"1240\" height=\"873\" \/> <img decoding=\"async\" class=\"alignleft size-full wp-image-37375\" src=\"https:\/\/www.e20srl.com\/wp-content\/uploads\/2026\/02\/3_Benvenuti-ad-Alassio.png\" alt=\"Congresso Alassio\" width=\"1240\" height=\"1108\" \/> <img loading=\"lazy\" decoding=\"async\" class=\"alignleft size-full wp-image-37377\" src=\"https:\/\/www.e20srl.com\/wp-content\/uploads\/2026\/02\/4_Tavole-Cliniche.png\" alt=\"Congresso Alassio\" width=\"1240\" height=\"1031\" \/> <img loading=\"lazy\" decoding=\"async\" class=\"alignleft size-full wp-image-37379\" src=\"https:\/\/www.e20srl.com\/wp-content\/uploads\/2026\/02\/5_E-a-Seguire-La-Festa.png\" alt=\"Congresso Alassio\" width=\"1240\" height=\"721\" \/><\/p>\n<p>&nbsp;<\/p>\n<h5><span style=\"color: #333399;\"><img loading=\"lazy\" decoding=\"async\" class=\"alignleft size-full wp-image-37381\" src=\"https:\/\/www.e20srl.com\/wp-content\/uploads\/2026\/02\/6_Sessione-Odontoiatri.png\" alt=\"Congresso Alassio\" width=\"1240\" height=\"1492\" \/> <img loading=\"lazy\" decoding=\"async\" class=\"alignleft size-full wp-image-37383\" src=\"https:\/\/www.e20srl.com\/wp-content\/uploads\/2026\/02\/7_Sessioni-Igienisti-and-ASO.png\" alt=\"Congresso Alassio\" width=\"1240\" height=\"1523\" \/> <img loading=\"lazy\" decoding=\"async\" class=\"alignleft size-full wp-image-37385\" src=\"https:\/\/www.e20srl.com\/wp-content\/uploads\/2026\/02\/8_Partecipa-al-Congresso.png\" alt=\"Congresso Alassio\" width=\"1240\" height=\"1899\" \/> <img loading=\"lazy\" decoding=\"async\" class=\"alignleft size-full wp-image-37387\" src=\"https:\/\/www.e20srl.com\/wp-content\/uploads\/2026\/02\/9_Sede-and-Alloggi.png\" alt=\"Congresso Alassio\" width=\"1240\" height=\"1292\" \/> <img loading=\"lazy\" decoding=\"async\" class=\"size-full wp-image-37389 alignnone\" src=\"https:\/\/www.e20srl.com\/wp-content\/uploads\/2026\/02\/10_Iscriviti-Ora-3.png\" alt=\"Congresso Alassio\" width=\"1240\" height=\"1722\" \/><\/span><\/h5>\n<h5><\/h5>\n<h5><span style=\"color: #333399;\">Benvenuti ad Alassio 2026!<\/span><\/h5>\n<p>\u00c8 nato tutto nel lontano 2012 come un\u2019azzardata scommessa culturale con il Dr. Cesare Robello ed il Dr Luca Villani e, nonostante pandemia ed ogni genere di crisi, anche logistica per le autostrade liguri, siamo giunti con successo all\u2019ottava edizione!<br \/>\nIniziamo<strong> venerd\u00ec 9 ottobre<\/strong> alle 14 con le collaudate \u201ctavole cliniche\u201d, tavole dedicate a temi specifici che durano un\u2019ora, intervallate da mezzora di pausa gastronomica e potremo sceglierne tre durante la giornata. La novit\u00e0 di quest\u2019anno \u00e8 che avremo tavole dedicate alle singole categorie professionali, ovvero ASO, Igienisti Dentali e Odontoiatri: tutte pratiche.<\/p>\n<p>Alle 18,00 finisce la giornata e l\u2019appuntamento \u00e8 alle19,30 per il campionato mondiale di pesto, sessione alassina, nello stesso luogo del congresso con la degustazione del pesto e del sugo di noci. Alle 20,30 potremmo prendere il trenino per raggiungere \u201cEssaouira\u201d, uno dei pi\u00f9 noti locali delle notti liguri, sulla spiaggia di Alassio. Qui potremo cenare seduti al tavolo e poi scatenarci in discoteca con il dj o chiacchierare nel patio con la fresca brezza marina.<\/p>\n<p>Per coloro che riusciranno a ritornare in albergo od a casa, il giorno dopo alle 9 inizier\u00e0 il congresso vero e proprio con tre sessioni: le prime due ore vedranno la sessione congiunta di Odontoiatri ed Igienisti Dentali che poi si divideranno per seguire le proprie relazioni.<br \/>\nLe Aso avranno la loro sessione indipendente con tre temi innovativi e di grande attualit\u00e0. La giornata si concluder\u00e0 alle 16.30.<br \/>\nSia la colazione offerta alle 08,30 sia il coffee break delle 11.00 sia il lunch saranno curati,<br \/>\ncome da tradizione, da uno degli chef pi\u00f9 rinomati del ponente Ligure.<\/p>\n<p>Non ci dimentichiamo degli sponsor che vivranno con noi le due giornate ed all\u2019interno dell\u2019area espositiva potrete trovare i consueti giochi a premio: pallacanestro e golf (ogni canestro ed ogni buca verranno premiati con un simpatico omaggio).<br \/>\nIl tradizionale regalo d\u2019ingresso sar\u00e0 un bellissimo zaino del Viterbone, che vi accompagner\u00e0 durante tutte le giornate congressuali.Tutto quanto descritto sar\u00e0 compreso nella quota di iscrizione!<\/p>\n<p><strong>Per noi Alassio \u00e8 la celebrazione della cultura e della formazione che e20 cerca <\/strong><strong>con grande passione non solo di mantenere come punto d\u2019incontro ed apprendimento <\/strong><strong>dello studio ma anche di amicizia e divertimento!<\/strong><\/p>\n<p><em><strong>Luca Viterbo Donato<br \/>\n<\/strong>Amministratore Unico e20 s.r.l.<strong><br \/>\n<\/strong><\/em><\/p>\n<h5 style=\"color: #2e3192;\"><img loading=\"lazy\" decoding=\"async\" class=\"wp-image-36378 alignnone\" src=\"https:\/\/www.e20srl.com\/wp-content\/uploads\/2026\/02\/Zaino-viterbone.jpg\" alt=\"Zaino Viterbone\" width=\"600\" height=\"376\" \/><\/h5>\n<p>Abbiamo imparato ad amare il volto che sorride con un sorriso unico, vero e coinvolgente sinonimo di vita e libert\u00e0. \u00c8 il simbolo di un evento che torna ad Alassio per la settima edizione, una ogni due anni che coinvolge odontoiatri, igienisti dentali ed assistenti alla poltrona per una due giorni di alta formazione, con l\u2019aggiunta di quel pizzico di glamour con cui l\u2019organizzazione e la Citt\u00e0 di Alassio riescono ogni volta ad arricchire la proposta.<\/p>\n<p>Complimenti a e20 che accanto a un qualificato e fitto calendario di incontri, tavole rotonde e approfondimenti, ha saputo inserire occasioni di convivialit\u00e0 sfruttando luoghi e protagonisti della Citt\u00e0 del Muretto.<br \/>\nBenvenuti o bentornati a quanti con l\u2019occasione scopriranno o riscopriranno la nostra splendida cittadina.<br \/>\n<strong>A tutti l\u2019augurio per una due giorni fattiva e piacevole.<\/strong><\/p>\n<p><em><strong>Marco Melgrati<\/strong><\/em><br \/>\n<em>Sindaco del Comune di Alassio<\/em><\/p>\n<p>&nbsp;<\/p>\n<h5><span style=\"color: #333399;\"><b>PROGRAMMA<\/b><\/span><\/h5>\n<h5><span style=\"color: #333399;\"><strong>Venerd\u00ec 9 ottobre \/ dalle 14.00 alle 18.00<br \/>\n<\/strong><\/span><\/h5>\n<p><strong><span style=\"color: #333399;\">Tavole cliniche<\/span><\/strong><\/p>\n<p><strong>La gestione della prima visita<\/strong><br \/>\nDott. Riccardo Scarpa<\/p>\n<p><strong>Medicina estetica di precisione: diagnosi, imaging e integrazione odontoiatrica<\/strong><br \/>\nDott. Andrea Baruffaldi<\/p>\n<p><strong>Composito o ceramica? Injection e faccette: due tecniche confrontate&#8230;in modo pratico!<\/strong><br \/>\nDott. Edoardo Yang Fossati<\/p>\n<p><strong>La gestione dei casi multidisciplinari con approccio full Digital<\/strong><br \/>\nDott. Fabrizio Perret e Dott. Fabio Perret<\/p>\n<p><strong>Restitutio ad integrum: paradigm shift in dental trauma, from concept to clinic<\/strong><br \/>\nDott.ssa Jessica Giannatiempo<\/p>\n<p><strong>L\u2019endodonzia semplificata: l\u2019avvento di un nuovo sistema rotante<\/strong><br \/>\nDott. Andrea Balocco<br \/>\nShape it<\/p>\n<p><strong>3D navigator in implantology Clinical experience<\/strong><br \/>\nDott. Davide Bianco<\/p>\n<p><strong>Lo scanner: porta di ingresso all\u2019odontoiatria digitale<\/strong><br \/>\nDott. Marco Iorio<\/p>\n<p><strong>7 pilastri per lo studio profittevole con l\u2019aiuto della AI<\/strong><br \/>\nArcangelo Zullo<\/p>\n<p><strong>Cementi bioceramici, indicazioni ed utilizzo clinico<\/strong><br \/>\nDott. Edoardo Maltagliati<\/p>\n<p><strong>Adhesion explained: approcci attuali alla cementazione adesiva<\/strong><br \/>\nDott. Edoardo Mancuso<\/p>\n<p><strong>Allineatori ed estetica: cosa pu\u00f2 fare oggi l\u2019odontoiatra<\/strong><br \/>\nDott. Massimiliano Ciaravolo<\/p>\n<p><strong>Le ricostruzioni in composito come atto terapeutico: progettazione, occlusione e durata clinica<\/strong><br \/>\nDott.ssa Chiara Pennacchioni<\/p>\n<p><strong>Rischi infettivi nello studio odontoiatrico<\/strong><br \/>\nFausto Fulgosi<\/p>\n<p><strong><span style=\"color: #333399;\">A seguire:\u00a0<\/span><\/strong><\/p>\n<p><strong>Campionato mondiale di pesto<\/strong><br \/>\nTorna Roberto Panizza che dalle ore 19,00 selezioner\u00e0 chi di voi riuscir\u00e0<br \/>\na fare il miglior pesto per le finali del campionato mondiale di pesto<\/p>\n<p><strong>Festa all\u2019Essaouira<\/strong><br \/>\nCena a partire dalle ore 20,30 e si prosegue in discoteca all\u2019Essaouira<\/p>\n<h5><span style=\"color: #333399;\"><strong><br \/>\nSabato 10 ottobre \/ dalle 8.30 alle 16.30<\/strong><\/span><\/h5>\n<p>8,30 &#8211; 9,00 <strong>Welcome coffee<\/strong><br \/>\n9,00 &#8211; 11,00 <strong>Sessione congiunta &#8211; Prof. Maurizio Tonetti<\/strong><br \/>\n11,00 &#8211; 11,30 <strong>Coffee Break<\/strong><\/p>\n<p><strong><span style=\"color: #333399;\">Sessione Odontoiatri<\/span><\/strong><br \/>\n11,30 &#8211; 12,30 <strong>Dott. Massimo Simion<\/strong><br \/>\n12,30 &#8211; 13,30 <strong>Prof. Elio Berutti<\/strong><br \/>\n14,15 &#8211; 15,15 <strong>Dott. Fabio Gorni<\/strong><br \/>\n15,15 &#8211; 16,30 <strong>Dott. Riccardo Becciani &#8211; OTD Roberto Tintinaglia<\/strong><br \/>\n13,30 &#8211; 14,15 <strong>Colazione di lavoro a cura dello Chef<\/strong><\/p>\n<p><span style=\"color: #333399;\"><strong>Sessione Igiene Dentale<\/strong><\/span><br \/>\n11,30 &#8211; 13,30 <strong>Dott.ssa Denis Calzolari<\/strong><br \/>\n14,15 &#8211; 16,15 <strong>Dott.ssa Elena Bizzotto<\/strong><br \/>\n13,30 &#8211; 14,15 <strong>Colazione di lavoro a cura dello Chef<\/strong><\/p>\n<p><strong><span style=\"color: #333399;\">Sessione ASO<br \/>\n<\/span><\/strong>8,30 &#8211; 9,30 <strong>Welcome coffee<\/strong><br \/>\n9,00 &#8211; 11,00 <strong>Dott. Simone Gussoni<\/strong><br \/>\n11,00 &#8211; 11,30 <strong>Coffee Break<\/strong><br \/>\n11,30 &#8211; 13,30 <strong>Dott. Franco Capelli<\/strong><br \/>\n14,15 &#8211; 16,15 <strong>Dott. Massimo Nuvina<\/strong><br \/>\n13,30 &#8211; 14,15<strong> Colazione di lavoro a cura dello Chef<\/strong><\/p>\n<p><strong>AGGIORNAMENTO ASO: 10 ORE<\/strong><br \/>\n<strong>Valido altres\u00ec per aggiornamento assistente di studio odontoiatrico, ai sensi dell\u2019art. 2 comma 2, del DPCM<\/strong><br \/>\n<strong>del 9 febbraio 2018 pubblicato in g.u.n 80 del 6 aprile 2018 \u201cindividuazione del profilo professionale dell\u2019assistente di studio odontoiatrico\u201d per ore 10.<\/strong><\/p>\n<h5><\/h5>\n<p>&nbsp;<\/p>\n<h5><span style=\"color: #333399;\"><strong>DESTINATARI DEL CORSO<\/strong><\/span><\/h5>\n<p>Figure professionali accreditate: <strong>Odontoiatri, Igienisti dentali e ASO<\/strong><\/p>\n<p>&nbsp;<\/p>\n<h5><span style=\"color: #333399;\"><strong>QUOTA DI PARTACIPAZIONE<\/strong><\/span><\/h5>\n<p><strong>Odontoiatri<\/strong><br \/>\n180\u20ac + IVA entro il 31\/07<br \/>\n265\u20ac + IVA dopo il 31\/07<\/p>\n<p><strong>Igienisti dentali<\/strong><br \/>\n155\u20ac + IVA entro il 31\/07<br \/>\n215\u20ac + IVA dopo il 31\/07<\/p>\n<p><strong>ASO<\/strong><br \/>\n130\u20ac + IVA entro il 31\/07<br \/>\n160\u20ac + IVA dopo il 31\/07<br \/>\n90\u20ac + IVA solo giornata di sabato<\/p>\n<p><strong>Studenti<\/strong><br \/>\n50\u20ac + IVA esclusa la cena<\/p>\n<p><strong>Per accompagnatori e studenti<\/strong><br \/>\nCampionato mondiale di pesto + cena + discoteca (Essaouira): 50\u20ac + IVA<\/p>\n<p>&nbsp;<\/p>\n<h5><span style=\"color: #333399;\">LA QUOTA COMPRENDE:<\/span><\/h5>\n<ul>\n<li>Congresso<\/li>\n<li>Kit Congressuale<\/li>\n<li>Coffee break continuato (Venerd\u00ec pomeriggio)<\/li>\n<li>Campionato mondiale di pesto<\/li>\n<li>Transfert per Essaouira<\/li>\n<li>Cena + Discoteca (Essaouira)<\/li>\n<li>Colazione di Benvenuto di sabato mattina<\/li>\n<li>1 Coffee Break, Colazione di Lavoro (Sabato)<\/li>\n<li>Lo zaino del Viterbone<\/li>\n<\/ul>\n<h5><\/h5>\n<h5><\/h5>\n<h5><\/h5>\n<h5 style=\"color: #2e3192;\"><strong>MODALIT\u00c0 DI SVOLGIMENTO<\/strong><\/h5>\n<p>Le attivit\u00e0 si svolgeranno\u00a0<strong>in presenza<\/strong>.<\/p>\n<table style=\"border-collapse: collapse; width: 99.9203%; height: 103px;\">\n<tbody>\n<tr style=\"background-color: #cfebfe;\">\n<td style=\"width: 100%; text-align: left;\">Per coloro che hanno scelto il pagamento tramite bonifico bancario, si informa che essendo un corso pratico con posti limitati, l\u2019iscrizione sar\u00e0 considerata valida se seguita entro 5gg. dalla prenotazione, dalla contabile del pagamento. Diversamente, la prenotazione sar\u00e0 automaticamente cancellata.<\/td>\n<\/tr>\n<\/tbody>\n<\/table>\n<p>&nbsp;<\/p>\n<h5 style=\"color: #2e3192;\"><strong>POLICY DI CANCELLAZIONE<\/strong><\/h5>\n<p class=\"column\">In caso di mancata partecipazione verr\u00e0 effettuato un rimborso al netto dei diritti di Segreteria (50% della quota di iscrizione iva compresa) solo se la disdetta scritta sar\u00e0 pervenuta alla Segreteria entro e non oltre 15 giorni lavorativi prima dallo svolgimento dell\u2019evento per comprovati motivi. Le iscrizioni saranno ritenute valide solo se accompagnate dalla quota di iscrizione o dalla ricevuta del bonifico.<\/p>\n<p>&nbsp;<\/p>\n<h5><span style=\"color: #333399;\">SEDE CONGRESSUALE<\/span><\/h5>\n<p>Palasport comunale L. Ravizza<br \/>\nVia S. Giov. Battista, 31 &#8211; 17021 Alassio<\/p>\n<p><iframe style=\"border: 0;\" src=\"https:\/\/www.google.com\/maps\/embed?pb=!1m18!1m12!1m3!1d5739.920301754822!2d8.159870612991677!3d44.00154967096696!2m3!1f0!2f0!3f0!3m2!1i1024!2i768!4f13.1!3m3!1m2!1s0x12d25da48b3936ab%3A0x80b01d90b997a7f8!2sVia%20S.%20Giov.%20Battista%2C%2031%2C%2017021%20Alassio%20SV!5e0!3m2!1sit!2sit!4v1772029969297!5m2!1sit!2sit\" width=\"600\" height=\"450\" allowfullscreen=\"allowfullscreen\"><\/iframe><\/p>\n","protected":false},"excerpt":{"rendered":"<h5>9-10 OTTOBRE 2026<\/h5>\n<h5>10 CREDITI ECM odontoiatri e igienisti dentali<br \/>\n10 ORE di formazione obbligatoria per ASO<\/h5>\n<p><span style=\"color: #333399;\"><strong>Odontoiatri<\/strong><\/span><br \/>\n<span style=\"color: #000000;\">180\u20ac + IVA entro il 31\/07<\/span><br \/>\n<span style=\"color: #000000;\">265\u20ac + IVA dopo il 31\/07<\/span><\/p>\n<p><span style=\"color: #333399;\"><strong>Igienisti dentali<\/strong><\/span><br \/>\n<span style=\"color: #000000;\">155\u20ac + IVA entro il 31\/07<\/span><br \/>\n<span style=\"color: #000000;\">215\u20ac + IVA dopo il 31\/07<\/span><\/p>\n<p><span style=\"color: #333399;\"><strong>ASO<\/strong><\/span><br \/>\n<span style=\"color: #000000;\">130\u20ac + IVA entro il 31\/07<\/span><br \/>\n<span style=\"color: #000000;\">160\u20ac + IVA dopo il 31\/07<\/span><br \/>\n<span style=\"color: #000000;\">90\u20ac + IVA solo giornata di sabato<\/span><\/p>\n<p><span style=\"color: #333399;\"><strong>Studenti<\/strong><\/span><br \/>\n<span style=\"color: #000000;\">50\u20ac + IVA esclusa la cena<\/span><\/p>\n<p><span style=\"color: #333399;\"><strong>Per accompagnatori e studenti<\/strong><\/span><br \/>\n<span style=\"color: #000000;\">Campionato mondiale di pesto + cena + discoteca (Essaouira): 50\u20ac + IVA<\/span><\/p>\n<p><a href=\"https:\/\/www.e20srl.com\/area-privata\/index.php?id=2563&amp;iscrizione=1\"><img loading=\"lazy\" decoding=\"async\" class=\"alignnone wp-image-22052 size-full\" src=\"https:\/\/www.e20srl.com\/wp-content\/uploads\/2023\/10\/pulsante-acquista.png\" alt=\"pulsante acquista\" width=\"395\" height=\"72\" \/><\/a><\/p>\n","protected":false},"featured_media":36354,"menu_order":116,"template":"","meta":{"_monsterinsights_skip_tracking":false,"_monsterinsights_sitenote_active":false,"_monsterinsights_sitenote_note":"","_monsterinsights_sitenote_category":0},"product_brand":[],"product_cat":[605,609,606,604],"product_tag":[654],"class_list":{"0":"post-36353","1":"product","2":"type-product","3":"status-publish","4":"has-post-thumbnail","6":"product_cat-a-s-o","7":"product_cat-corsi","8":"product_cat-igienisti-dentali","9":"product_cat-odontoiatri","10":"product_tag-corsi","12":"first","13":"instock","14":"shipping-taxable","15":"product-type-simple"},"yoast_head":"<!-- This site is optimized with the Yoast SEO plugin v27.5 - https:\/\/yoast.com\/product\/yoast-seo-wordpress\/ -->\n<title>Congresso 2026 - Alassio e l&#039;arte del sorriso | e20<\/title>\n<meta name=\"description\" content=\"Il corso fornir\u00e0 un elenco accurato dei materiali dentali divisi per singoli campi di applicazione. Sia il mondo analogico che quello digitale.\" \/>\n<meta name=\"robots\" content=\"index, follow, max-snippet:-1, max-image-preview:large, max-video-preview:-1\" \/>\n<link rel=\"canonical\" href=\"https:\/\/www.e20srl.com\/en\/prodotti\/congresso-2026-alassio-e-larte-del-sorriso\/\" \/>\n<meta property=\"og:locale\" content=\"en_US\" \/>\n<meta property=\"og:type\" content=\"article\" \/>\n<meta property=\"og:title\" content=\"Congresso 2026 - Alassio e l&#039;arte del sorriso | e20\" \/>\n<meta property=\"og:description\" content=\"Il corso fornir\u00e0 un elenco accurato dei materiali dentali divisi per singoli campi di applicazione. Sia il mondo analogico che quello digitale.\" \/>\n<meta property=\"og:url\" content=\"https:\/\/www.e20srl.com\/en\/prodotti\/congresso-2026-alassio-e-larte-del-sorriso\/\" \/>\n<meta property=\"og:site_name\" content=\"e20\" \/>\n<meta property=\"article:publisher\" content=\"https:\/\/www.facebook.com\/e20srl\" \/>\n<meta property=\"article:modified_time\" content=\"2026-04-17T07:30:23+00:00\" \/>\n<meta property=\"og:image\" content=\"https:\/\/www.e20srl.com\/wp-content\/uploads\/2026\/02\/Congresso-Alassio-2026.jpg\" \/>\n\t<meta property=\"og:image:width\" content=\"1200\" \/>\n\t<meta property=\"og:image:height\" content=\"1200\" \/>\n\t<meta property=\"og:image:type\" content=\"image\/jpeg\" \/>\n<meta name=\"twitter:card\" content=\"summary_large_image\" \/>\n<meta name=\"twitter:label1\" content=\"Est. reading time\" \/>\n\t<meta name=\"twitter:data1\" content=\"9 minutes\" \/>\n<script type=\"application\/ld+json\" class=\"yoast-schema-graph\">{\"@context\":\"https:\\\/\\\/schema.org\",\"@graph\":[{\"@type\":\"WebPage\",\"@id\":\"https:\\\/\\\/www.e20srl.com\\\/en\\\/prodotti\\\/congresso-2026-alassio-e-larte-del-sorriso\\\/\",\"url\":\"https:\\\/\\\/www.e20srl.com\\\/en\\\/prodotti\\\/congresso-2026-alassio-e-larte-del-sorriso\\\/\",\"name\":\"Congresso 2026 - Alassio e l'arte del sorriso | e20\",\"isPartOf\":{\"@id\":\"https:\\\/\\\/www.e20srl.com\\\/en\\\/#website\"},\"primaryImageOfPage\":{\"@id\":\"https:\\\/\\\/www.e20srl.com\\\/en\\\/prodotti\\\/congresso-2026-alassio-e-larte-del-sorriso\\\/#primaryimage\"},\"image\":{\"@id\":\"https:\\\/\\\/www.e20srl.com\\\/en\\\/prodotti\\\/congresso-2026-alassio-e-larte-del-sorriso\\\/#primaryimage\"},\"thumbnailUrl\":\"https:\\\/\\\/www.e20srl.com\\\/wp-content\\\/uploads\\\/2026\\\/02\\\/Congresso-Alassio-2026.jpg\",\"datePublished\":\"2026-02-25T14:01:37+00:00\",\"dateModified\":\"2026-04-17T07:30:23+00:00\",\"description\":\"Il corso fornir\u00e0 un elenco accurato dei materiali dentali divisi per singoli campi di applicazione. Sia il mondo analogico che quello digitale.\",\"breadcrumb\":{\"@id\":\"https:\\\/\\\/www.e20srl.com\\\/en\\\/prodotti\\\/congresso-2026-alassio-e-larte-del-sorriso\\\/#breadcrumb\"},\"inLanguage\":\"en-US\",\"potentialAction\":[{\"@type\":\"ReadAction\",\"target\":[\"https:\\\/\\\/www.e20srl.com\\\/en\\\/prodotti\\\/congresso-2026-alassio-e-larte-del-sorriso\\\/\"]}]},{\"@type\":\"ImageObject\",\"inLanguage\":\"en-US\",\"@id\":\"https:\\\/\\\/www.e20srl.com\\\/en\\\/prodotti\\\/congresso-2026-alassio-e-larte-del-sorriso\\\/#primaryimage\",\"url\":\"https:\\\/\\\/www.e20srl.com\\\/wp-content\\\/uploads\\\/2026\\\/02\\\/Congresso-Alassio-2026.jpg\",\"contentUrl\":\"https:\\\/\\\/www.e20srl.com\\\/wp-content\\\/uploads\\\/2026\\\/02\\\/Congresso-Alassio-2026.jpg\",\"width\":1200,\"height\":1200,\"caption\":\"Congresso-Alassio-2026\"},{\"@type\":\"BreadcrumbList\",\"@id\":\"https:\\\/\\\/www.e20srl.com\\\/en\\\/prodotti\\\/congresso-2026-alassio-e-larte-del-sorriso\\\/#breadcrumb\",\"itemListElement\":[{\"@type\":\"ListItem\",\"position\":1,\"name\":\"Home\",\"item\":\"https:\\\/\\\/www.e20srl.com\\\/en\\\/\"},{\"@type\":\"ListItem\",\"position\":2,\"name\":\"Shop\",\"item\":\"https:\\\/\\\/www.e20srl.com\\\/en\\\/shop-2\\\/\"},{\"@type\":\"ListItem\",\"position\":3,\"name\":\"Congresso 2026 &#8211; Alassio e l&#8217;arte del sorriso\"}]},{\"@type\":\"WebSite\",\"@id\":\"https:\\\/\\\/www.e20srl.com\\\/en\\\/#website\",\"url\":\"https:\\\/\\\/www.e20srl.com\\\/en\\\/\",\"name\":\"e20\",\"description\":\"Congressi e Corsi in presenza, FAD, webinar di Eccellenza per Odontoiatra, Igienista dentale, ASO\",\"publisher\":{\"@id\":\"https:\\\/\\\/www.e20srl.com\\\/en\\\/#organization\"},\"potentialAction\":[{\"@type\":\"SearchAction\",\"target\":{\"@type\":\"EntryPoint\",\"urlTemplate\":\"https:\\\/\\\/www.e20srl.com\\\/en\\\/?s={search_term_string}\"},\"query-input\":{\"@type\":\"PropertyValueSpecification\",\"valueRequired\":true,\"valueName\":\"search_term_string\"}}],\"inLanguage\":\"en-US\"},{\"@type\":\"Organization\",\"@id\":\"https:\\\/\\\/www.e20srl.com\\\/en\\\/#organization\",\"name\":\"e20 s.r.l.\",\"url\":\"https:\\\/\\\/www.e20srl.com\\\/en\\\/\",\"logo\":{\"@type\":\"ImageObject\",\"inLanguage\":\"en-US\",\"@id\":\"https:\\\/\\\/www.e20srl.com\\\/en\\\/#\\\/schema\\\/logo\\\/image\\\/\",\"url\":\"https:\\\/\\\/www.e20srl.com\\\/wp-content\\\/uploads\\\/2022\\\/10\\\/e20-icona.png\",\"contentUrl\":\"https:\\\/\\\/www.e20srl.com\\\/wp-content\\\/uploads\\\/2022\\\/10\\\/e20-icona.png\",\"width\":512,\"height\":512,\"caption\":\"e20 s.r.l.\"},\"image\":{\"@id\":\"https:\\\/\\\/www.e20srl.com\\\/en\\\/#\\\/schema\\\/logo\\\/image\\\/\"},\"sameAs\":[\"https:\\\/\\\/www.facebook.com\\\/e20srl\",\"https:\\\/\\\/www.instagram.com\\\/e20.srl\\\/\",\"https:\\\/\\\/www.youtube.com\\\/channel\\\/UCFK9MwMuURf-lxw-ca0PNHw\",\"https:\\\/\\\/www.linkedin.com\\\/company\\\/e20-srl\\\/about\\\/\"]}]}<\/script>\n<!-- \/ Yoast SEO plugin. -->","yoast_head_json":{"title":"Congresso 2026 - Alassio e l'arte del sorriso | e20","description":"Il corso fornir\u00e0 un elenco accurato dei materiali dentali divisi per singoli campi di applicazione. Sia il mondo analogico che quello digitale.","robots":{"index":"index","follow":"follow","max-snippet":"max-snippet:-1","max-image-preview":"max-image-preview:large","max-video-preview":"max-video-preview:-1"},"canonical":"https:\/\/www.e20srl.com\/en\/prodotti\/congresso-2026-alassio-e-larte-del-sorriso\/","og_locale":"en_US","og_type":"article","og_title":"Congresso 2026 - Alassio e l'arte del sorriso | e20","og_description":"Il corso fornir\u00e0 un elenco accurato dei materiali dentali divisi per singoli campi di applicazione. Sia il mondo analogico che quello digitale.","og_url":"https:\/\/www.e20srl.com\/en\/prodotti\/congresso-2026-alassio-e-larte-del-sorriso\/","og_site_name":"e20","article_publisher":"https:\/\/www.facebook.com\/e20srl","article_modified_time":"2026-04-17T07:30:23+00:00","og_image":[{"width":1200,"height":1200,"url":"https:\/\/www.e20srl.com\/wp-content\/uploads\/2026\/02\/Congresso-Alassio-2026.jpg","type":"image\/jpeg"}],"twitter_card":"summary_large_image","twitter_misc":{"Est. reading time":"9 minutes"},"schema":{"@context":"https:\/\/schema.org","@graph":[{"@type":"WebPage","@id":"https:\/\/www.e20srl.com\/en\/prodotti\/congresso-2026-alassio-e-larte-del-sorriso\/","url":"https:\/\/www.e20srl.com\/en\/prodotti\/congresso-2026-alassio-e-larte-del-sorriso\/","name":"Congresso 2026 - Alassio e l'arte del sorriso | e20","isPartOf":{"@id":"https:\/\/www.e20srl.com\/en\/#website"},"primaryImageOfPage":{"@id":"https:\/\/www.e20srl.com\/en\/prodotti\/congresso-2026-alassio-e-larte-del-sorriso\/#primaryimage"},"image":{"@id":"https:\/\/www.e20srl.com\/en\/prodotti\/congresso-2026-alassio-e-larte-del-sorriso\/#primaryimage"},"thumbnailUrl":"https:\/\/www.e20srl.com\/wp-content\/uploads\/2026\/02\/Congresso-Alassio-2026.jpg","datePublished":"2026-02-25T14:01:37+00:00","dateModified":"2026-04-17T07:30:23+00:00","description":"Il corso fornir\u00e0 un elenco accurato dei materiali dentali divisi per singoli campi di applicazione. Sia il mondo analogico che quello digitale.","breadcrumb":{"@id":"https:\/\/www.e20srl.com\/en\/prodotti\/congresso-2026-alassio-e-larte-del-sorriso\/#breadcrumb"},"inLanguage":"en-US","potentialAction":[{"@type":"ReadAction","target":["https:\/\/www.e20srl.com\/en\/prodotti\/congresso-2026-alassio-e-larte-del-sorriso\/"]}]},{"@type":"ImageObject","inLanguage":"en-US","@id":"https:\/\/www.e20srl.com\/en\/prodotti\/congresso-2026-alassio-e-larte-del-sorriso\/#primaryimage","url":"https:\/\/www.e20srl.com\/wp-content\/uploads\/2026\/02\/Congresso-Alassio-2026.jpg","contentUrl":"https:\/\/www.e20srl.com\/wp-content\/uploads\/2026\/02\/Congresso-Alassio-2026.jpg","width":1200,"height":1200,"caption":"Congresso-Alassio-2026"},{"@type":"BreadcrumbList","@id":"https:\/\/www.e20srl.com\/en\/prodotti\/congresso-2026-alassio-e-larte-del-sorriso\/#breadcrumb","itemListElement":[{"@type":"ListItem","position":1,"name":"Home","item":"https:\/\/www.e20srl.com\/en\/"},{"@type":"ListItem","position":2,"name":"Shop","item":"https:\/\/www.e20srl.com\/en\/shop-2\/"},{"@type":"ListItem","position":3,"name":"Congresso 2026 &#8211; Alassio e l&#8217;arte del sorriso"}]},{"@type":"WebSite","@id":"https:\/\/www.e20srl.com\/en\/#website","url":"https:\/\/www.e20srl.com\/en\/","name":"e20","description":"Congressi e Corsi in presenza, FAD, webinar di Eccellenza per Odontoiatra, Igienista dentale, ASO","publisher":{"@id":"https:\/\/www.e20srl.com\/en\/#organization"},"potentialAction":[{"@type":"SearchAction","target":{"@type":"EntryPoint","urlTemplate":"https:\/\/www.e20srl.com\/en\/?s={search_term_string}"},"query-input":{"@type":"PropertyValueSpecification","valueRequired":true,"valueName":"search_term_string"}}],"inLanguage":"en-US"},{"@type":"Organization","@id":"https:\/\/www.e20srl.com\/en\/#organization","name":"e20 s.r.l.","url":"https:\/\/www.e20srl.com\/en\/","logo":{"@type":"ImageObject","inLanguage":"en-US","@id":"https:\/\/www.e20srl.com\/en\/#\/schema\/logo\/image\/","url":"https:\/\/www.e20srl.com\/wp-content\/uploads\/2022\/10\/e20-icona.png","contentUrl":"https:\/\/www.e20srl.com\/wp-content\/uploads\/2022\/10\/e20-icona.png","width":512,"height":512,"caption":"e20 s.r.l."},"image":{"@id":"https:\/\/www.e20srl.com\/en\/#\/schema\/logo\/image\/"},"sameAs":["https:\/\/www.facebook.com\/e20srl","https:\/\/www.instagram.com\/e20.srl\/","https:\/\/www.youtube.com\/channel\/UCFK9MwMuURf-lxw-ca0PNHw","https:\/\/www.linkedin.com\/company\/e20-srl\/about\/"]}]}},"_links":{"self":[{"href":"https:\/\/www.e20srl.com\/en\/wp-json\/wp\/v2\/product\/36353","targetHints":{"allow":["GET"]}}],"collection":[{"href":"https:\/\/www.e20srl.com\/en\/wp-json\/wp\/v2\/product"}],"about":[{"href":"https:\/\/www.e20srl.com\/en\/wp-json\/wp\/v2\/types\/product"}],"wp:featuredmedia":[{"embeddable":true,"href":"https:\/\/www.e20srl.com\/en\/wp-json\/wp\/v2\/media\/36354"}],"wp:attachment":[{"href":"https:\/\/www.e20srl.com\/en\/wp-json\/wp\/v2\/media?parent=36353"}],"wp:term":[{"taxonomy":"product_brand","embeddable":true,"href":"https:\/\/www.e20srl.com\/en\/wp-json\/wp\/v2\/product_brand?post=36353"},{"taxonomy":"product_cat","embeddable":true,"href":"https:\/\/www.e20srl.com\/en\/wp-json\/wp\/v2\/product_cat?post=36353"},{"taxonomy":"product_tag","embeddable":true,"href":"https:\/\/www.e20srl.com\/en\/wp-json\/wp\/v2\/product_tag?post=36353"}],"curies":[{"name":"wp","href":"https:\/\/api.w.org\/{rel}","templated":true}]}}